{"id":229278,"date":"2023-01-12T14:08:26","date_gmt":"2023-01-12T14:08:26","guid":{"rendered":"https:\/\/360businesstrips.com\/?page_id=229278"},"modified":"2023-11-21T21:34:12","modified_gmt":"2023-11-21T21:34:12","slug":"tour-en-bicicleta-electrica-por-amsterdam","status":"publish","type":"project","link":"https:\/\/360businesstrips.com\/es\/project\/tour-en-bicicleta-electrica-por-amsterdam\/","title":{"rendered":"Tour en bicicleta el\u00e9ctrica por \u00c1msterdam"},"content":{"rendered":"<p>[et_pb_section fb_built=\u00bb1&#8243; _builder_version=\u00bb4.18.0&#8243; _module_preset=\u00bbdefault\u00bb background_color=\u00bb#e0e0e0&#8243; global_colors_info=\u00bb{}\u00bb][et_pb_row column_structure=\u00bb1_2,1_2&#8243; _builder_version=\u00bb4.18.0&#8243; _module_preset=\u00bbdefault\u00bb width=\u00bb83.8%\u00bb custom_margin=\u00bb||||false|false\u00bb custom_padding=\u00bb0px||0px||false|false\u00bb global_colors_info=\u00bb{}\u00bb][et_pb_column type=\u00bb1_2&#8243; _builder_version=\u00bb4.18.0&#8243; _module_preset=\u00bbdefault\u00bb global_colors_info=\u00bb{}\u00bb][et_pb_text content_tablet=\u00bb<\/p>\n<h6><a href=%22https:\/\/360businesstrips.com\/es\/actividades-y-experiencias\/%22>< Volver a todas las experiencias<\/a><\/h6>\n<h1>Actividad en bicicleta el\u00e9ctrica en \u00c1msterdam<\/h1>\n<h4>Disfrute de una <span>actividad privada en bicicleta de 3,5 horas en la que disfrutar\u00e1 de un hermoso paseo en bicicleta el\u00e9ctrica por los lugares m\u00e1s sorprendentes de \u00c1msterdam<\/span>.<\/h4>\n<p>\u00bb content_phone=\u00bb<\/p>\n<h6><a href=%22https:\/\/360businesstrips.com\/es\/actividades-y-experiencias\/%22>< Volver a todas las experiencias<\/a><\/h6>\n<h1>Actividad en bicicleta el\u00e9ctrica en \u00c1msterdam<\/h1>\n<h4>Disfrute de una <span>actividad privada en bicicleta de 3,5 horas en la que disfrutar\u00e1 de un hermoso paseo en bicicleta el\u00e9ctrica por los lugares m\u00e1s sorprendentes de \u00c1msterdam<\/span>.<\/h4>\n<p>\u00bb content_last_edited=\u00bbon|phone\u00bb _builder_version=\u00bb4.21.0&#8243; _module_preset=\u00bbdefault\u00bb header_font=\u00bbLato|700|||||||\u00bb header_font_size=\u00bb72px\u00bb header_4_font_size=\u00bb22px\u00bb header_4_line_height=\u00bb1.3em\u00bb header_6_font=\u00bbLato|||on|||||\u00bb header_6_text_color=\u00bb#ff6600&#8243; header_6_letter_spacing=\u00bb2px\u00bb custom_margin=\u00bb||0px||false|false\u00bb custom_padding=\u00bb0px||0px||false|false\u00bb header_font_size_tablet=\u00bb72px\u00bb header_font_size_phone=\u00bb50px\u00bb header_font_size_last_edited=\u00bbon|phone\u00bb global_colors_info=\u00bb{}\u00bb]<\/p>\n<h6><a href=\"https:\/\/360businesstrips.com\/es\/actividades-y-experiencias\/\">&lt; Volver a todas las experiencias<\/a><\/h6>\n<h1>Actividad en bicicleta el\u00e9ctrica en \u00c1msterdam<\/h1>\n<h4>Disfrute de una <span>actividad privada en bicicleta de 3,5 horas en la que disfrutar\u00e1 de un hermoso paseo en bicicleta el\u00e9ctrica por los lugares m\u00e1s sorprendentes de \u00c1msterdam<\/span>.<\/h4>\n<p>[\/et_pb_text][et_pb_button button_url=\u00bbhttps:\/\/360businesstrips.com\/es\/project\/tour-en-bicicleta-electrica-por-amsterdam\/#contact\u00bb button_text=\u00bbSolicitar cotizaci\u00f3n\u00bb button_alignment=\u00bbleft\u00bb button_alignment_tablet=\u00bbright\u00bb button_alignment_phone=\u00bbleft\u00bb button_alignment_last_edited=\u00bbon|phone\u00bb disabled_on=\u00bboff|off|off\u00bb module_id=\u00bboverlay_unique_id_81&#8243; _builder_version=\u00bb4.23.1&#8243; _module_preset=\u00bbdefault\u00bb custom_button=\u00bbon\u00bb button_text_size=\u00bb18px\u00bb button_text_color=\u00bb#FFFFFF\u00bb button_bg_color=\u00bb#ff6600&#8243; button_border_width=\u00bb2px\u00bb button_border_radius=\u00bb25px\u00bb button_font=\u00bbLato|700|||||||\u00bb button_use_icon=\u00bboff\u00bb background_layout=\u00bbdark\u00bb custom_margin=\u00bb||||false|false\u00bb hover_enabled=\u00bb0&#8243; saved_tabs=\u00bball\u00bb global_colors_info=\u00bb{}\u00bb sticky_enabled=\u00bb0&#8243;][\/et_pb_button][\/et_pb_column][et_pb_column type=\u00bb1_2&#8243; _builder_version=\u00bb4.18.0&#8243; _module_preset=\u00bbdefault\u00bb global_colors_info=\u00bb{}\u00bb][et_pb_gallery gallery_ids=\u00bb226539&#8243; fullwidth=\u00bbon\u00bb _builder_version=\u00bb4.18.0&#8243; _module_preset=\u00bbdefault\u00bb auto=\u00bbon\u00bb auto_speed=\u00bb3000&#8243; global_colors_info=\u00bb{}\u00bb][\/et_pb_gallery][\/et_pb_column][\/et_pb_row][\/et_pb_section][et_pb_section fb_built=\u00bb1&#8243; custom_padding_last_edited=\u00bbon|phone\u00bb _builder_version=\u00bb4.18.0&#8243; _module_preset=\u00bbdefault\u00bb background_color=\u00bb#e0e0e0&#8243; custom_padding=\u00bb5px||0px||false|false\u00bb custom_padding_tablet=\u00bb5px||0px||false|false\u00bb custom_padding_phone=\u00bb||5px||false|false\u00bb global_colors_info=\u00bb{}\u00bb][et_pb_row _builder_version=\u00bb4.18.0&#8243; _module_preset=\u00bbdefault\u00bb custom_padding=\u00bb2px|||||\u00bb global_colors_info=\u00bb{}\u00bb][et_pb_column type=\u00bb4_4&#8243; _builder_version=\u00bb4.18.0&#8243; _module_preset=\u00bbdefault\u00bb global_colors_info=\u00bb{}\u00bb][et_pb_text disabled_on=\u00bbon|off|off\u00bb _builder_version=\u00bb4.18.0&#8243; _module_preset=\u00bbdefault\u00bb text_font=\u00bbLato||||||||\u00bb text_text_color=\u00bb#000000&#8243; text_font_size=\u00bb20px\u00bb text_line_height=\u00bb1.8em\u00bb header_font=\u00bbLato||||||||\u00bb header_font_size=\u00bb35px\u00bb width=\u00bb70%\u00bb max_width=\u00bb100%\u00bb module_alignment=\u00bbcenter\u00bb custom_margin_tablet=\u00bb\u00bb custom_margin_phone=\u00bb||||false|false\u00bb custom_margin_last_edited=\u00bbon|phone\u00bb custom_padding=\u00bb||||false|true\u00bb global_colors_info=\u00bb{}\u00bb]<\/p>\n<h1 style=\"text-align: center;\">Descripci\u00f3n<\/h1>\n<p><span>Durante esta excursi\u00f3n privada de 3,5 horas en bicicleta por \u00c1msterdam, disfrutar\u00e1 de un precioso paseo en bicicleta el\u00e9ctrica por los parques m\u00e1s incre\u00edbles de \u00c1msterdam, pasar\u00e1 por la Plaza de los Museos, ver\u00e1 la Calle del Arte de \u00c1msterdam, la calle comercial m\u00e1s cara, los diques y las vistas de los p\u00f3lderes, el gueto anterior y la famosa Calle Gay. Pasar\u00e1 por el Royal Zoo Artis, \u00a1y quiz\u00e1 tenga la suerte de ver alg\u00fan elefante! Este tour privado tambi\u00e9n incluye dos paseos en barco hacia el norte de \u00c1msterdam y de vuelta.<\/span><\/p>\n<p><span>Sienta la comodidad de las bicicletas el\u00e9ctricas y vea todo lo que hace \u00fanica a esta ciudad en un solo recorrido.<\/span><\/p>\n<p>[\/et_pb_text][et_pb_text disabled_on=\u00bboff|on|on\u00bb _builder_version=\u00bb4.21.0&#8243; _module_preset=\u00bbdefault\u00bb text_font=\u00bbLato||||||||\u00bb text_text_color=\u00bb#000000&#8243; text_font_size=\u00bb18px\u00bb custom_margin=\u00bb0px||0px||false|false\u00bb custom_padding=\u00bb0px||0px||false|false\u00bb text_font_size_tablet=\u00bb18px\u00bb text_font_size_phone=\u00bb20px\u00bb text_font_size_last_edited=\u00bbon|phone\u00bb header_4_font_size_tablet=\u00bb\u00bb header_4_font_size_phone=\u00bb20px\u00bb header_4_font_size_last_edited=\u00bbon|phone\u00bb global_colors_info=\u00bb{}\u00bb]<\/p>\n<h1 style=\"text-align: left;\">Descripci\u00f3n<\/h1>\n<h4 style=\"text-align: left;\"><span>Durante esta excursi\u00f3n privada de 3,5 horas en bicicleta por \u00c1msterdam, disfrutar\u00e1 de un precioso paseo en bicicleta el\u00e9ctrica por los parques m\u00e1s incre\u00edbles de \u00c1msterdam, pasar\u00e1 por la Plaza de los Museos, ver\u00e1 la Calle del Arte de \u00c1msterdam, la calle comercial m\u00e1s cara, los diques y las vistas de los p\u00f3lderes, el gueto anterior y la famosa Calle Gay. Pasar\u00e1 por el Royal Zoo Artis, \u00a1y quiz\u00e1 tenga la suerte de ver alg\u00fan elefante! <\/span><\/p>\n<p><span>Este tour privado tambi\u00e9n incluye dos paseos en barco hacia el norte de \u00c1msterdam y de vuelta.<\/span><br \/>\n<span>Sienta la comodidad de las bicicletas el\u00e9ctricas y vea todo lo que hace \u00fanica a esta ciudad en un solo recorrido.<\/span><\/h4>\n<p>[\/et_pb_text][\/et_pb_column][\/et_pb_row][\/et_pb_section][et_pb_section fb_built=\u00bb1&#8243; _builder_version=\u00bb4.23.1&#8243; _module_preset=\u00bbdefault\u00bb background_enable_color=\u00bboff\u00bb custom_padding=\u00bb0px||0px||false|false\u00bb hover_enabled=\u00bb0&#8243; global_colors_info=\u00bb{}\u00bb sticky_enabled=\u00bb0&#8243;][et_pb_row _builder_version=\u00bb4.18.0&#8243; _module_preset=\u00bbdefault\u00bb custom_margin=\u00bb||||false|false\u00bb global_colors_info=\u00bb{}\u00bb][et_pb_column type=\u00bb4_4&#8243; _builder_version=\u00bb4.18.0&#8243; _module_preset=\u00bbdefault\u00bb global_colors_info=\u00bb{}\u00bb][et_pb_text disabled_on=\u00bbon|off|off\u00bb _builder_version=\u00bb4.18.0&#8243; _module_preset=\u00bbdefault\u00bb header_font=\u00bbLato||||||||\u00bb header_font_size=\u00bb40px\u00bb header_2_font=\u00bbLato||||||||\u00bb header_2_text_align=\u00bbcenter\u00bb header_2_font_size=\u00bb35px\u00bb global_colors_info=\u00bb{}\u00bb]<\/p>\n<h2>Informaci\u00f3n adicional<\/h2>\n<p>[\/et_pb_text][\/et_pb_column][\/et_pb_row][et_pb_row _builder_version=\u00bb4.18.0&#8243; _module_preset=\u00bbdefault\u00bb custom_margin=\u00bb-25px|auto||auto|false|false\u00bb custom_padding=\u00bb0px||||false|false\u00bb global_colors_info=\u00bb{}\u00bb][et_pb_column type=\u00bb4_4&#8243; _builder_version=\u00bb4.18.0&#8243; _module_preset=\u00bbdefault\u00bb global_colors_info=\u00bb{}\u00bb][et_pb_text disabled_on=\u00bbon|off|off\u00bb _builder_version=\u00bb4.20.2&#8243; _module_preset=\u00bbdefault\u00bb text_font=\u00bbLato||||||||\u00bb text_text_color=\u00bb#000000&#8243; text_font_size=\u00bb18px\u00bb text_line_height=\u00bb1.8em\u00bb header_font_size=\u00bb31px\u00bb width=\u00bb70%\u00bb max_width=\u00bb100%\u00bb module_alignment=\u00bbcenter\u00bb custom_margin=\u00bb|||-41px||\u00bb custom_css_main_element=\u00bb||\u00bb global_colors_info=\u00bb{}\u00bb]<\/p>\n<table style=\"width: 110.915%; border-collapse: collapse; border-style: hidden;\" border=\"1\">\n<tbody>\n<tr>\n<td style=\"width: 21.5426%; border-style: hidden; vertical-align: middle; text-align: right;\" scope=\"rowgroup\"><img loading=\"lazy\" decoding=\"async\" class=\"wp-image-18630 alignnone size-full\" src=\"https:\/\/360businesstrips.com\/wp-content\/uploads\/2022\/10\/Dutch-house-2.png\" alt=\"\" width=\"165\" height=\"151\" \/><\/td>\n<td style=\"width: 78.4574%;\">\n<p style=\"padding-left: 0px;\"><strong>Detalles de la actividad<br \/><\/strong><span style=\"color: #ff6600;\">\u2022<\/span> <span style=\"color: #000000;\">Excursi\u00f3n privada en bicicleta de 3,5 horas con algunas paradas en el camino.<\/span><br \/><span style=\"color: #ff6600;\">\u2022<\/span> <span style=\"color: #000000;\">Alquiler de bicicletas: Bicicleta el\u00e9ctrica<\/span><br \/><span style=\"color: #ff6600;\">\u2022 <\/span><span><span style=\"color: #000000;\">Esta actividad tambi\u00e9n se ofrece en ingl\u00e9s, espa\u00f1ol, portugu\u00e9s, alem\u00e1n, franc\u00e9s, italiano y holand\u00e9s.<\/span><br \/><span style=\"color: #ff6600;\">\u2022 <span style=\"color: #000000;\">Para grupos de m\u00e1s de 25 personas, los clientes pueden necesitar un asistente adicional para el evento.<\/span><\/span><br \/><\/span><\/p>\n<p style=\"padding-left: 0px;\"><strong>Opcional:<\/strong><br \/><span style=\"color: #ff6600;\">\u2022<\/span> Reservar una sala de reuniones junto a esta actividad en la zona cercana.<br \/><span style=\"color: #ff6600;\">\u2022<\/span> Se pueden organizar aperitivos, almuerzos o cenas.<br \/><span style=\"color: #ff6600;\">\u2022<\/span> Transporte.<\/p>\n<\/td>\n<\/tr>\n<\/tbody>\n<\/table>\n<p style=\"padding-left: 20px;\">[\/et_pb_text][\/et_pb_column][\/et_pb_row][et_pb_row _builder_version=\u00bb4.18.0&#8243; _module_preset=\u00bbdefault\u00bb custom_margin=\u00bb-25px||0px||false|false\u00bb custom_padding=\u00bb0px||0px||false|false\u00bb global_colors_info=\u00bb{}\u00bb][et_pb_column type=\u00bb4_4&#8243; _builder_version=\u00bb4.18.0&#8243; _module_preset=\u00bbdefault\u00bb global_colors_info=\u00bb{}\u00bb][et_pb_text disabled_on=\u00bboff|on|on\u00bb _builder_version=\u00bb4.20.2&#8243; _module_preset=\u00bbdefault\u00bb text_font=\u00bbLato||||||||\u00bb text_font_size=\u00bb20px\u00bb text_line_height=\u00bb1.8em\u00bb header_font=\u00bbLato||||||||\u00bb locked=\u00bboff\u00bb global_colors_info=\u00bb{}\u00bb]<\/p>\n<h1>Informaci\u00f3n adicional<\/h1>\n<p style=\"padding-left: 0px;\"><strong>Detalles de la actividad<br \/><\/strong><span style=\"color: #ff6600;\">\u2022<\/span> <span style=\"color: #000000;\">Excursi\u00f3n privada en bicicleta de 3,5 horas con algunas paradas en el camino.<\/span><br \/><span style=\"color: #ff6600;\">\u2022<\/span> <span style=\"color: #000000;\">Alquiler de bicicletas: Bicicleta el\u00e9ctrica<\/span><br \/><span style=\"color: #ff6600;\">\u2022 <\/span><span><span style=\"color: #000000;\">Esta actividad tambi\u00e9n se ofrece en ingl\u00e9s, espa\u00f1ol, portugu\u00e9s, alem\u00e1n, franc\u00e9s, italiano y holand\u00e9s.<\/span><br \/><span style=\"color: #ff6600;\">\u2022 <span style=\"color: #000000;\">Para grupos de m\u00e1s de 25 personas, los clientes pueden necesitar un asistente adicional para el evento.<\/span><\/span><br \/><\/span><\/p>\n<p style=\"padding-left: 0px;\"><strong>Opcional:<\/strong><br \/><span style=\"color: #ff6600;\">\u2022<\/span> Reservar una sala de reuniones junto a esta actividad en la zona cercana.<br \/><span style=\"color: #ff6600;\">\u2022<\/span> Se pueden organizar aperitivos, almuerzos o cenas.<br \/><span style=\"color: #ff6600;\">\u2022<\/span> Transporte.<\/p>\n<p>[\/et_pb_text][\/et_pb_column][\/et_pb_row][\/et_pb_section][et_pb_section fb_built=\u00bb1&#8243; module_id=\u00bbcontact\u00bb _builder_version=\u00bb4.23.1&#8243; _module_preset=\u00bbdefault\u00bb custom_padding=\u00bb||||false|false\u00bb global_colors_info=\u00bb{}\u00bb theme_builder_area=\u00bbpost_content\u00bb][et_pb_row _builder_version=\u00bb4.23.1&#8243; _module_preset=\u00bbdefault\u00bb custom_padding=\u00bb||0px||false|false\u00bb global_colors_info=\u00bb{}\u00bb theme_builder_area=\u00bbpost_content\u00bb][et_pb_column type=\u00bb4_4&#8243; _builder_version=\u00bb4.19.4&#8243; _module_preset=\u00bbdefault\u00bb global_colors_info=\u00bb{}\u00bb theme_builder_area=\u00bbpost_content\u00bb][et_pb_text _builder_version=\u00bb4.23.1&#8243; _module_preset=\u00bbdefault\u00bb header_2_font=\u00bbRoboto|500|||||||\u00bb header_2_text_align=\u00bbcenter\u00bb header_2_font_size=\u00bb40px\u00bb custom_margin=\u00bb||||false|false\u00bb custom_margin_tablet=\u00bb||31px|||\u00bb custom_margin_phone=\u00bb-50px||31px||false|false\u00bb custom_margin_last_edited=\u00bbon|phone\u00bb header_2_font_size_tablet=\u00bb\u00bb header_2_font_size_phone=\u00bb26px\u00bb header_2_font_size_last_edited=\u00bbon|phone\u00bb global_colors_info=\u00bb{}\u00bb theme_builder_area=\u00bbpost_content\u00bb]<\/p>\n<h2>\u00bfEstas interesado en m\u00e1s informaci\u00f3n?<\/h2>\n<h2>Solicite una cotizaci\u00f3n<\/h2>\n<p>[\/et_pb_text][\/et_pb_column][\/et_pb_row][et_pb_row _builder_version=\u00bb4.23.1&#8243; _module_preset=\u00bbdefault\u00bb custom_padding=\u00bb||||false|false\u00bb global_colors_info=\u00bb{}\u00bb theme_builder_area=\u00bbpost_content\u00bb][et_pb_column type=\u00bb4_4&#8243; _builder_version=\u00bb4.19.4&#8243; _module_preset=\u00bbdefault\u00bb global_colors_info=\u00bb{}\u00bb theme_builder_area=\u00bbpost_content\u00bb][wpforms_selector form_id=\u00bb232644&#8243; show_title=\u00bboff\u00bb _builder_version=\u00bb4.23.1&#8243; _module_preset=\u00bbdefault\u00bb width_tablet=\u00bb\u00bb width_phone=\u00bb\u00bb width_last_edited=\u00bbon|desktop\u00bb max_width=\u00bb100%\u00bb custom_margin=\u00bb|||100px|false|false\u00bb custom_margin_tablet=\u00bb|||100px|false|false\u00bb custom_margin_phone=\u00bb-60px|||0px|false|false\u00bb custom_margin_last_edited=\u00bbon|phone\u00bb custom_padding=\u00bb||||false|false\u00bb hover_enabled=\u00bb0&#8243; module_alignment_tablet=\u00bb\u00bb module_alignment_phone=\u00bb\u00bb module_alignment_last_edited=\u00bbon|desktop\u00bb global_colors_info=\u00bb{}\u00bb theme_builder_area=\u00bbpost_content\u00bb sticky_enabled=\u00bb0&#8243;][\/wpforms_selector][\/et_pb_column][\/et_pb_row][\/et_pb_section]<\/p>\n","protected":false},"excerpt":{"rendered":"<p>&lt; Volver a todas las experiencias Actividad en bicicleta el\u00e9ctrica en \u00c1msterdam Disfrute de una actividad privada en bicicleta de 3,5 horas en la que disfrutar\u00e1 de un hermoso paseo en bicicleta el\u00e9ctrica por los lugares m\u00e1s sorprendentes de \u00c1msterdam.Descripci\u00f3n Durante esta excursi\u00f3n privada de 3,5 horas en bicicleta por \u00c1msterdam, disfrutar\u00e1 de un precioso [&hellip;]<\/p>\n","protected":false},"author":1,"featured_media":228089,"comment_status":"closed","ping_status":"closed","template":"","meta":{"_et_pb_use_builder":"on","_et_pb_old_content":"","_et_gb_content_width":"","om_disable_all_campaigns":false,"_monsterinsights_skip_tracking":false,"_monsterinsights_sitenote_active":false,"_monsterinsights_sitenote_note":"","_monsterinsights_sitenote_category":0,"footnotes":""},"project_category":[108,80,73,119],"project_tag":[],"class_list":["post-229278","project","type-project","status-publish","has-post-thumbnail","hentry","project_category-creacion-de-equipos","project_category-team-building","project_category-tours","project_category-visitas"],"yoast_head":"<!-- This site is optimized with the Yoast SEO Premium plugin v21.7 (Yoast SEO v27.2) - https:\/\/yoast.com\/product\/yoast-seo-premium-wordpress\/ -->\n<title>Tour en bicicleta el\u00e9ctrica por \u00c1msterdam - Corporate Events and Team Building Activities Amsterdam<\/title>\n<meta name=\"robots\" content=\"index, follow, max-snippet:-1, max-image-preview:large, max-video-preview:-1\" \/>\n<link rel=\"canonical\" href=\"https:\/\/360businesstrips.com\/es\/project\/tour-en-bicicleta-electrica-por-amsterdam\/\" \/>\n<meta property=\"og:locale\" content=\"es_ES\" \/>\n<meta property=\"og:type\" content=\"article\" \/>\n<meta property=\"og:title\" content=\"Tour en bicicleta el\u00e9ctrica por \u00c1msterdam\" \/>\n<meta property=\"og:description\" content=\"&lt; Volver a todas las experiencias Actividad en bicicleta el\u00e9ctrica en \u00c1msterdam Disfrute de una actividad privada en bicicleta de 3,5 horas en la que disfrutar\u00e1 de un hermoso paseo en bicicleta el\u00e9ctrica por los lugares m\u00e1s sorprendentes de \u00c1msterdam.Descripci\u00f3n Durante esta excursi\u00f3n privada de 3,5 horas en bicicleta por \u00c1msterdam, disfrutar\u00e1 de un precioso [&hellip;]\" \/>\n<meta property=\"og:url\" content=\"https:\/\/360businesstrips.com\/es\/project\/tour-en-bicicleta-electrica-por-amsterdam\/\" \/>\n<meta property=\"og:site_name\" content=\"Corporate Events and Team Building Activities Amsterdam\" \/>\n<meta property=\"article:modified_time\" content=\"2023-11-21T21:34:12+00:00\" \/>\n<meta property=\"og:image\" content=\"https:\/\/360businesstrips.com\/wp-content\/uploads\/2022\/10\/electrial-bike-tour.jpg\" \/>\n\t<meta property=\"og:image:width\" content=\"800\" \/>\n\t<meta property=\"og:image:height\" content=\"530\" \/>\n\t<meta property=\"og:image:type\" content=\"image\/jpeg\" \/>\n<meta name=\"twitter:card\" content=\"summary_large_image\" \/>\n<meta name=\"twitter:label1\" content=\"Tiempo de lectura\" \/>\n\t<meta name=\"twitter:data1\" content=\"8 minutos\" \/>\n<script type=\"application\/ld+json\" class=\"yoast-schema-graph\">{\"@context\":\"https:\/\/schema.org\",\"@graph\":[{\"@type\":\"WebPage\",\"@id\":\"https:\/\/360businesstrips.com\/es\/project\/tour-en-bicicleta-electrica-por-amsterdam\/\",\"url\":\"https:\/\/360businesstrips.com\/es\/project\/tour-en-bicicleta-electrica-por-amsterdam\/\",\"name\":\"Tour en bicicleta el\u00e9ctrica por \u00c1msterdam - Corporate Events and Team Building Activities Amsterdam\",\"isPartOf\":{\"@id\":\"https:\/\/360businesstrips.com\/es\/#website\"},\"primaryImageOfPage\":{\"@id\":\"https:\/\/360businesstrips.com\/es\/project\/tour-en-bicicleta-electrica-por-amsterdam\/#primaryimage\"},\"image\":{\"@id\":\"https:\/\/360businesstrips.com\/es\/project\/tour-en-bicicleta-electrica-por-amsterdam\/#primaryimage\"},\"thumbnailUrl\":\"https:\/\/360businesstrips.com\/wp-content\/uploads\/2022\/10\/electrial-bike-tour.jpg\",\"datePublished\":\"2023-01-12T14:08:26+00:00\",\"dateModified\":\"2023-11-21T21:34:12+00:00\",\"breadcrumb\":{\"@id\":\"https:\/\/360businesstrips.com\/es\/project\/tour-en-bicicleta-electrica-por-amsterdam\/#breadcrumb\"},\"inLanguage\":\"es\",\"potentialAction\":[{\"@type\":\"ReadAction\",\"target\":[\"https:\/\/360businesstrips.com\/es\/project\/tour-en-bicicleta-electrica-por-amsterdam\/\"]}]},{\"@type\":\"ImageObject\",\"inLanguage\":\"es\",\"@id\":\"https:\/\/360businesstrips.com\/es\/project\/tour-en-bicicleta-electrica-por-amsterdam\/#primaryimage\",\"url\":\"https:\/\/360businesstrips.com\/wp-content\/uploads\/2022\/10\/electrial-bike-tour.jpg\",\"contentUrl\":\"https:\/\/360businesstrips.com\/wp-content\/uploads\/2022\/10\/electrial-bike-tour.jpg\",\"width\":800,\"height\":530},{\"@type\":\"BreadcrumbList\",\"@id\":\"https:\/\/360businesstrips.com\/es\/project\/tour-en-bicicleta-electrica-por-amsterdam\/#breadcrumb\",\"itemListElement\":[{\"@type\":\"ListItem\",\"position\":1,\"name\":\"Home\",\"item\":\"https:\/\/360businesstrips.com\/es\/\"},{\"@type\":\"ListItem\",\"position\":2,\"name\":\"Proyectos\",\"item\":\"https:\/\/360businesstrips.com\/es\/project\/\"},{\"@type\":\"ListItem\",\"position\":3,\"name\":\"Tour en bicicleta el\u00e9ctrica por \u00c1msterdam\"}]},{\"@type\":\"WebSite\",\"@id\":\"https:\/\/360businesstrips.com\/es\/#website\",\"url\":\"https:\/\/360businesstrips.com\/es\/\",\"name\":\"360 Business Trips\",\"description\":\"Business Travel, Team Building Activities &amp; Events\",\"publisher\":{\"@id\":\"https:\/\/360businesstrips.com\/es\/#organization\"},\"potentialAction\":[{\"@type\":\"SearchAction\",\"target\":{\"@type\":\"EntryPoint\",\"urlTemplate\":\"https:\/\/360businesstrips.com\/es\/?s={search_term_string}\"},\"query-input\":{\"@type\":\"PropertyValueSpecification\",\"valueRequired\":true,\"valueName\":\"search_term_string\"}}],\"inLanguage\":\"es\"},{\"@type\":\"Organization\",\"@id\":\"https:\/\/360businesstrips.com\/es\/#organization\",\"name\":\"360 Business Trips\",\"url\":\"https:\/\/360businesstrips.com\/es\/\",\"logo\":{\"@type\":\"ImageObject\",\"inLanguage\":\"es\",\"@id\":\"https:\/\/360businesstrips.com\/es\/#\/schema\/logo\/image\/\",\"url\":\"https:\/\/360businesstrips.com\/wp-content\/uploads\/2023\/10\/360-logo-round_orange@2x-Mobile-1.png\",\"contentUrl\":\"https:\/\/360businesstrips.com\/wp-content\/uploads\/2023\/10\/360-logo-round_orange@2x-Mobile-1.png\",\"width\":501,\"height\":501,\"caption\":\"360 Business Trips\"},\"image\":{\"@id\":\"https:\/\/360businesstrips.com\/es\/#\/schema\/logo\/image\/\"}}]}<\/script>\n<!-- \/ Yoast SEO Premium plugin. -->","yoast_head_json":{"title":"Tour en bicicleta el\u00e9ctrica por \u00c1msterdam - Corporate Events and Team Building Activities Amsterdam","robots":{"index":"index","follow":"follow","max-snippet":"max-snippet:-1","max-image-preview":"max-image-preview:large","max-video-preview":"max-video-preview:-1"},"canonical":"https:\/\/360businesstrips.com\/es\/project\/tour-en-bicicleta-electrica-por-amsterdam\/","og_locale":"es_ES","og_type":"article","og_title":"Tour en bicicleta el\u00e9ctrica por \u00c1msterdam","og_description":"&lt; Volver a todas las experiencias Actividad en bicicleta el\u00e9ctrica en \u00c1msterdam Disfrute de una actividad privada en bicicleta de 3,5 horas en la que disfrutar\u00e1 de un hermoso paseo en bicicleta el\u00e9ctrica por los lugares m\u00e1s sorprendentes de \u00c1msterdam.Descripci\u00f3n Durante esta excursi\u00f3n privada de 3,5 horas en bicicleta por \u00c1msterdam, disfrutar\u00e1 de un precioso [&hellip;]","og_url":"https:\/\/360businesstrips.com\/es\/project\/tour-en-bicicleta-electrica-por-amsterdam\/","og_site_name":"Corporate Events and Team Building Activities Amsterdam","article_modified_time":"2023-11-21T21:34:12+00:00","og_image":[{"width":800,"height":530,"url":"https:\/\/360businesstrips.com\/wp-content\/uploads\/2022\/10\/electrial-bike-tour.jpg","type":"image\/jpeg"}],"twitter_card":"summary_large_image","twitter_misc":{"Tiempo de lectura":"8 minutos"},"schema":{"@context":"https:\/\/schema.org","@graph":[{"@type":"WebPage","@id":"https:\/\/360businesstrips.com\/es\/project\/tour-en-bicicleta-electrica-por-amsterdam\/","url":"https:\/\/360businesstrips.com\/es\/project\/tour-en-bicicleta-electrica-por-amsterdam\/","name":"Tour en bicicleta el\u00e9ctrica por \u00c1msterdam - Corporate Events and Team Building Activities Amsterdam","isPartOf":{"@id":"https:\/\/360businesstrips.com\/es\/#website"},"primaryImageOfPage":{"@id":"https:\/\/360businesstrips.com\/es\/project\/tour-en-bicicleta-electrica-por-amsterdam\/#primaryimage"},"image":{"@id":"https:\/\/360businesstrips.com\/es\/project\/tour-en-bicicleta-electrica-por-amsterdam\/#primaryimage"},"thumbnailUrl":"https:\/\/360businesstrips.com\/wp-content\/uploads\/2022\/10\/electrial-bike-tour.jpg","datePublished":"2023-01-12T14:08:26+00:00","dateModified":"2023-11-21T21:34:12+00:00","breadcrumb":{"@id":"https:\/\/360businesstrips.com\/es\/project\/tour-en-bicicleta-electrica-por-amsterdam\/#breadcrumb"},"inLanguage":"es","potentialAction":[{"@type":"ReadAction","target":["https:\/\/360businesstrips.com\/es\/project\/tour-en-bicicleta-electrica-por-amsterdam\/"]}]},{"@type":"ImageObject","inLanguage":"es","@id":"https:\/\/360businesstrips.com\/es\/project\/tour-en-bicicleta-electrica-por-amsterdam\/#primaryimage","url":"https:\/\/360businesstrips.com\/wp-content\/uploads\/2022\/10\/electrial-bike-tour.jpg","contentUrl":"https:\/\/360businesstrips.com\/wp-content\/uploads\/2022\/10\/electrial-bike-tour.jpg","width":800,"height":530},{"@type":"BreadcrumbList","@id":"https:\/\/360businesstrips.com\/es\/project\/tour-en-bicicleta-electrica-por-amsterdam\/#breadcrumb","itemListElement":[{"@type":"ListItem","position":1,"name":"Home","item":"https:\/\/360businesstrips.com\/es\/"},{"@type":"ListItem","position":2,"name":"Proyectos","item":"https:\/\/360businesstrips.com\/es\/project\/"},{"@type":"ListItem","position":3,"name":"Tour en bicicleta el\u00e9ctrica por \u00c1msterdam"}]},{"@type":"WebSite","@id":"https:\/\/360businesstrips.com\/es\/#website","url":"https:\/\/360businesstrips.com\/es\/","name":"360 Business Trips","description":"Business Travel, Team Building Activities &amp; Events","publisher":{"@id":"https:\/\/360businesstrips.com\/es\/#organization"},"potentialAction":[{"@type":"SearchAction","target":{"@type":"EntryPoint","urlTemplate":"https:\/\/360businesstrips.com\/es\/?s={search_term_string}"},"query-input":{"@type":"PropertyValueSpecification","valueRequired":true,"valueName":"search_term_string"}}],"inLanguage":"es"},{"@type":"Organization","@id":"https:\/\/360businesstrips.com\/es\/#organization","name":"360 Business Trips","url":"https:\/\/360businesstrips.com\/es\/","logo":{"@type":"ImageObject","inLanguage":"es","@id":"https:\/\/360businesstrips.com\/es\/#\/schema\/logo\/image\/","url":"https:\/\/360businesstrips.com\/wp-content\/uploads\/2023\/10\/360-logo-round_orange@2x-Mobile-1.png","contentUrl":"https:\/\/360businesstrips.com\/wp-content\/uploads\/2023\/10\/360-logo-round_orange@2x-Mobile-1.png","width":501,"height":501,"caption":"360 Business Trips"},"image":{"@id":"https:\/\/360businesstrips.com\/es\/#\/schema\/logo\/image\/"}}]}},"_links":{"self":[{"href":"https:\/\/360businesstrips.com\/es\/wp-json\/wp\/v2\/project\/229278","targetHints":{"allow":["GET"]}}],"collection":[{"href":"https:\/\/360businesstrips.com\/es\/wp-json\/wp\/v2\/project"}],"about":[{"href":"https:\/\/360businesstrips.com\/es\/wp-json\/wp\/v2\/types\/project"}],"author":[{"embeddable":true,"href":"https:\/\/360businesstrips.com\/es\/wp-json\/wp\/v2\/users\/1"}],"replies":[{"embeddable":true,"href":"https:\/\/360businesstrips.com\/es\/wp-json\/wp\/v2\/comments?post=229278"}],"version-history":[{"count":10,"href":"https:\/\/360businesstrips.com\/es\/wp-json\/wp\/v2\/project\/229278\/revisions"}],"predecessor-version":[{"id":233111,"href":"https:\/\/360businesstrips.com\/es\/wp-json\/wp\/v2\/project\/229278\/revisions\/233111"}],"wp:featuredmedia":[{"embeddable":true,"href":"https:\/\/360businesstrips.com\/es\/wp-json\/wp\/v2\/media\/228089"}],"wp:attachment":[{"href":"https:\/\/360businesstrips.com\/es\/wp-json\/wp\/v2\/media?parent=229278"}],"wp:term":[{"taxonomy":"project_category","embeddable":true,"href":"https:\/\/360businesstrips.com\/es\/wp-json\/wp\/v2\/project_category?post=229278"},{"taxonomy":"project_tag","embeddable":true,"href":"https:\/\/360businesstrips.com\/es\/wp-json\/wp\/v2\/project_tag?post=229278"}],"curies":[{"name":"wp","href":"https:\/\/api.w.org\/{rel}","templated":true}]}}