{"id":231382,"date":"2023-04-03T13:22:09","date_gmt":"2023-04-03T13:22:09","guid":{"rendered":"https:\/\/360businesstrips.com\/project\/grupos-excursion-de-dia-completo-a-rotterdam-delft-y-la-haya\/"},"modified":"2023-11-21T20:26:09","modified_gmt":"2023-11-21T20:26:09","slug":"grupos-excursion-de-dia-completo-a-rotterdam-delft-y-la-haya","status":"publish","type":"project","link":"https:\/\/360businesstrips.com\/es\/project\/grupos-excursion-de-dia-completo-a-rotterdam-delft-y-la-haya\/","title":{"rendered":"Grupos Excursi\u00f3n de d\u00eda completo a Rotterdam, Delft y La Haya"},"content":{"rendered":"<p>[et_pb_section fb_built=\u00bb1&#8243; _builder_version=\u00bb4.18.0&#8243; _module_preset=\u00bbdefault\u00bb background_color=\u00bb#e0e0e0&#8243; global_colors_info=\u00bb{}\u00bb][et_pb_row column_structure=\u00bb1_2,1_2&#8243; _builder_version=\u00bb4.18.0&#8243; _module_preset=\u00bbdefault\u00bb width=\u00bb83.8%\u00bb custom_margin=\u00bb||||false|false\u00bb custom_padding=\u00bb0px||0px||false|false\u00bb global_colors_info=\u00bb{}\u00bb][et_pb_column type=\u00bb1_2&#8243; _builder_version=\u00bb4.18.0&#8243; _module_preset=\u00bbdefault\u00bb global_colors_info=\u00bb{}\u00bb][et_pb_text content_tablet=\u00bb<\/p>\n<h6><a href=%22https:\/\/360businesstrips.com\/es\/actividades-y-experiencias\/%22>< Volver a todas las experiencias<\/a><\/h6>\n<h1>Grupo privado<br \/>\nExcursi\u00f3n de d\u00eda completo a Rotterdam, Delft y La Haya<\/h1>\n<h4>Una excursi\u00f3n de 9 horas desde \u00c1msterdam.<\/h4>\n<p>\u00bb content_phone=\u00bb<\/p>\n<h6><a href=%22https:\/\/360businesstrips.com\/es\/actividades-y-experiencias\/%22>< Volver a todas las experiencias<\/a><\/h6>\n<h1>Grupo privado<br \/>\nExcursi\u00f3n de d\u00eda completo a Rotterdam, Delft y La Haya<\/h1>\n<h4>Una excursi\u00f3n de 9 horas desde \u00c1msterdam.<\/h4>\n<p>\u00bb content_last_edited=\u00bbon|desktop\u00bb _builder_version=\u00bb4.21.0&#8243; _module_preset=\u00bbdefault\u00bb header_font=\u00bbLato|700|||||||\u00bb header_font_size=\u00bb72px\u00bb header_4_font_size=\u00bb22px\u00bb header_4_line_height=\u00bb1.3em\u00bb header_6_font=\u00bbLato|||on|||||\u00bb header_6_text_color=\u00bb#ff6600&#8243; header_6_letter_spacing=\u00bb2px\u00bb custom_margin=\u00bb||0px||false|false\u00bb custom_padding=\u00bb0px||0px||false|false\u00bb header_font_size_tablet=\u00bb72px\u00bb header_font_size_phone=\u00bb50px\u00bb header_font_size_last_edited=\u00bbon|phone\u00bb global_colors_info=\u00bb{}\u00bb]<\/p>\n<h6><a href=\"https:\/\/360businesstrips.com\/es\/actividades-y-experiencias\/\">&lt; Volver a todas las experiencias<\/a><\/h6>\n<h1>Grupo privado<br \/>Excursi\u00f3n de d\u00eda completo a Rotterdam, Delft y La Haya<\/h1>\n<h4>Una excursi\u00f3n de 9 horas desde \u00c1msterdam.<\/h4>\n<p>[\/et_pb_text][et_pb_button button_url=\u00bbhttps:\/\/360businesstrips.com\/es\/project\/grupos-excursion-de-dia-completo-a-rotterdam-delft-y-la-haya\/#contact\u00bb button_text=\u00bbSolicitar cotizaci\u00f3n\u00bb button_alignment=\u00bbleft\u00bb button_alignment_tablet=\u00bbright\u00bb button_alignment_phone=\u00bbleft\u00bb button_alignment_last_edited=\u00bbon|phone\u00bb disabled_on=\u00bboff|off|off\u00bb module_id=\u00bboverlay_unique_id_81&#8243; _builder_version=\u00bb4.23.1&#8243; _module_preset=\u00bbdefault\u00bb custom_button=\u00bbon\u00bb button_text_size=\u00bb18px\u00bb button_text_color=\u00bb#FFFFFF\u00bb button_bg_color=\u00bb#ff6600&#8243; button_border_width=\u00bb2px\u00bb button_border_radius=\u00bb25px\u00bb button_font=\u00bbLato|700|||||||\u00bb button_use_icon=\u00bboff\u00bb background_layout=\u00bbdark\u00bb custom_margin=\u00bb||||false|false\u00bb hover_enabled=\u00bb0&#8243; saved_tabs=\u00bball\u00bb global_colors_info=\u00bb{}\u00bb sticky_enabled=\u00bb0&#8243;][\/et_pb_button][\/et_pb_column][et_pb_column type=\u00bb1_2&#8243; _builder_version=\u00bb4.18.0&#8243; _module_preset=\u00bbdefault\u00bb global_colors_info=\u00bb{}\u00bb][et_pb_gallery gallery_ids=\u00bb231139,231144,231149,231154,231159,231164&#8243; fullwidth=\u00bbon\u00bb _builder_version=\u00bb4.20.2&#8243; _module_preset=\u00bbdefault\u00bb auto=\u00bbon\u00bb auto_speed=\u00bb3000&#8243; global_colors_info=\u00bb{}\u00bb][\/et_pb_gallery][\/et_pb_column][\/et_pb_row][\/et_pb_section][et_pb_section fb_built=\u00bb1&#8243; custom_padding_last_edited=\u00bbon|phone\u00bb _builder_version=\u00bb4.18.0&#8243; _module_preset=\u00bbdefault\u00bb background_color=\u00bb#e0e0e0&#8243; custom_padding=\u00bb5px||0px||false|false\u00bb custom_padding_tablet=\u00bb5px||0px||false|false\u00bb custom_padding_phone=\u00bb||5px||false|false\u00bb global_colors_info=\u00bb{}\u00bb][et_pb_row _builder_version=\u00bb4.18.0&#8243; _module_preset=\u00bbdefault\u00bb custom_padding=\u00bb2px|||||\u00bb global_colors_info=\u00bb{}\u00bb][et_pb_column type=\u00bb4_4&#8243; _builder_version=\u00bb4.18.0&#8243; _module_preset=\u00bbdefault\u00bb global_colors_info=\u00bb{}\u00bb][et_pb_text disabled_on=\u00bbon|off|off\u00bb _builder_version=\u00bb4.20.2&#8243; _module_preset=\u00bbdefault\u00bb text_font=\u00bbLato||||||||\u00bb text_text_color=\u00bb#000000&#8243; text_font_size=\u00bb20px\u00bb text_line_height=\u00bb1.8em\u00bb header_font=\u00bbLato||||||||\u00bb header_font_size=\u00bb35px\u00bb header_4_font=\u00bbLato||||||||\u00bb header_4_text_color=\u00bb#000000&#8243; header_4_font_size=\u00bb20px\u00bb header_4_line_height=\u00bb1.8em\u00bb width=\u00bb70%\u00bb max_width=\u00bb100%\u00bb module_alignment=\u00bbcenter\u00bb custom_margin_tablet=\u00bb\u00bb custom_margin_phone=\u00bb||||false|false\u00bb custom_margin_last_edited=\u00bbon|phone\u00bb custom_padding=\u00bb||||false|true\u00bb global_colors_info=\u00bb{}\u00bb]<\/p>\n<h1 style=\"text-align: center;\">Descripci\u00f3n<\/h1>\n<h4 style=\"text-align: left;\"><span>Re\u00fanase con su gu\u00eda y conductor en nuestro punto de encuentro central en \u00c1msterdam. Un c\u00f3modo monovolumen de lujo con aire acondicionado le llevar\u00e1 al primer destino de hoy, Rotterdam, en unos 90 minutos. Rotterdam es la segunda ciudad m\u00e1s grande de los Pa\u00edses Bajos y muy famosa por su puerto comercial.<br \/>La primera parada es Spido para su recorrido en barco de 75 minutos, la mejor manera de ver uno de los puertos m\u00e1s grandes del mundo. Ver\u00e1 el imponente perfil de Rotterdam, su arquitectura de vanguardia, sus puertos, astilleros y muelles.<br \/>La siguiente parada es la pintoresca ciudad de Delft, lugar de nacimiento y \u00faltima morada del maestro holand\u00e9s Johannes Vermeer. Conocida como la ciudad de los pr\u00edncipes, es tambi\u00e9n donde innumerables miembros de la familia real holandesa se han trasladado, casado y enterrado durante siglos. Visite el centro hist\u00f3rico de Delft, bordeado de canales y repleto de impresionantes monumentos hist\u00f3ricos, como la Iglesia Vieja, la Iglesia Nueva y el Ayuntamiento. Durante su estancia, visitar\u00e1 el Museo Real de Delft y contemplar\u00e1 la belleza de la cer\u00e1mica azul de Delft, la porcelana m\u00e1s codiciada desde el siglo XVII.<br \/>La siguiente ciudad es La Haya. Adem\u00e1s de ser la sede del gobierno holand\u00e9s, esta ciudad es tambi\u00e9n el hogar de la familia real holandesa y la tercera ciudad m\u00e1s grande del pa\u00eds. En La Haya se encuentran la mayor\u00eda de las embajadas extranjeras en los Pa\u00edses Bajos, as\u00ed como 150 organizaciones internacionales, entre ellas el Tribunal Internacional de Justicia y la Corte Penal Internacional. Tambi\u00e9n alberga el Palacio de la Paz, varios palacios reales, la Mauritshuis (con obras de Vermeer, Rembrandt y Andy Warhol, entre otros) y el Binnenhof (el Parlamento holand\u00e9s). Traslado de vuelta a \u00c1msterdam para el fin de los servicios tur\u00edsticos, y una mejor apreciaci\u00f3n de la vida fuera de la capital cultural.<\/span><\/h4>\n<p>[\/et_pb_text][et_pb_text disabled_on=\u00bboff|on|on\u00bb _builder_version=\u00bb4.21.0&#8243; _module_preset=\u00bbdefault\u00bb text_font=\u00bbLato||||||||\u00bb text_text_color=\u00bb#000000&#8243; text_font_size=\u00bb18px\u00bb custom_margin=\u00bb0px||0px||false|false\u00bb custom_padding=\u00bb0px||0px||false|false\u00bb text_font_size_tablet=\u00bb18px\u00bb text_font_size_phone=\u00bb20px\u00bb text_font_size_last_edited=\u00bbon|phone\u00bb global_colors_info=\u00bb{}\u00bb]<\/p>\n<h1 style=\"text-align: left;\">Descripci\u00f3n<\/h1>\n<h4 style=\"text-align: left;\"><span>Re\u00fanase con su gu\u00eda y conductor en nuestro punto de encuentro central en \u00c1msterdam. Un c\u00f3modo monovolumen de lujo con aire acondicionado le llevar\u00e1 al primer destino de hoy, Rotterdam, en unos 90 minutos. Rotterdam es la segunda ciudad m\u00e1s grande de los Pa\u00edses Bajos y muy famosa por su puerto comercial.<br \/>La primera parada es Spido para su recorrido en barco de 75 minutos, la mejor manera de ver uno de los puertos m\u00e1s grandes del mundo. Ver\u00e1 el imponente perfil de Rotterdam, su arquitectura de vanguardia, sus puertos, astilleros y muelles.<br \/>La siguiente parada es la pintoresca ciudad de Delft, lugar de nacimiento y \u00faltima morada del maestro holand\u00e9s Johannes Vermeer. Conocida como la ciudad de los pr\u00edncipes, es tambi\u00e9n donde innumerables miembros de la familia real holandesa se han trasladado, casado y enterrado durante siglos. Visite el centro hist\u00f3rico de Delft, bordeado de canales y repleto de impresionantes monumentos hist\u00f3ricos, como la Iglesia Vieja, la Iglesia Nueva y el Ayuntamiento. Durante su estancia, visitar\u00e1 el Museo Real de Delft y contemplar\u00e1 la belleza de la cer\u00e1mica azul de Delft, la porcelana m\u00e1s codiciada desde el siglo XVII.<br \/>La siguiente ciudad es La Haya. Adem\u00e1s de ser la sede del gobierno holand\u00e9s, esta ciudad es tambi\u00e9n el hogar de la familia real holandesa y la tercera ciudad m\u00e1s grande del pa\u00eds. En La Haya se encuentran la mayor\u00eda de las embajadas extranjeras en los Pa\u00edses Bajos, as\u00ed como 150 organizaciones internacionales, entre ellas el Tribunal Internacional de Justicia y la Corte Penal Internacional. Tambi\u00e9n alberga el Palacio de la Paz, varios palacios reales, la Mauritshuis (con obras de Vermeer, Rembrandt y Andy Warhol, entre otros) y el Binnenhof (el Parlamento holand\u00e9s). Traslado de vuelta a \u00c1msterdam para el fin de los servicios tur\u00edsticos, y una mejor apreciaci\u00f3n de la vida fuera de la capital cultural.<\/span><\/h4>\n<p>[\/et_pb_text][\/et_pb_column][\/et_pb_row][\/et_pb_section][et_pb_section fb_built=\u00bb1&#8243; _builder_version=\u00bb4.23.1&#8243; _module_preset=\u00bbdefault\u00bb background_enable_color=\u00bboff\u00bb custom_padding=\u00bb0px||0px||false|false\u00bb hover_enabled=\u00bb0&#8243; global_colors_info=\u00bb{}\u00bb sticky_enabled=\u00bb0&#8243;][et_pb_row _builder_version=\u00bb4.18.0&#8243; _module_preset=\u00bbdefault\u00bb custom_margin=\u00bb||||false|false\u00bb global_colors_info=\u00bb{}\u00bb][et_pb_column type=\u00bb4_4&#8243; _builder_version=\u00bb4.18.0&#8243; _module_preset=\u00bbdefault\u00bb global_colors_info=\u00bb{}\u00bb][et_pb_text disabled_on=\u00bbon|off|off\u00bb _builder_version=\u00bb4.18.0&#8243; _module_preset=\u00bbdefault\u00bb header_font=\u00bbLato||||||||\u00bb header_font_size=\u00bb40px\u00bb header_2_font=\u00bbLato||||||||\u00bb header_2_text_align=\u00bbcenter\u00bb header_2_font_size=\u00bb35px\u00bb global_colors_info=\u00bb{}\u00bb]<\/p>\n<h2>Informaci\u00f3n adicional<\/h2>\n<p>[\/et_pb_text][\/et_pb_column][\/et_pb_row][et_pb_row _builder_version=\u00bb4.18.0&#8243; _module_preset=\u00bbdefault\u00bb custom_margin=\u00bb-25px|auto||auto|false|false\u00bb custom_padding=\u00bb0px||||false|false\u00bb global_colors_info=\u00bb{}\u00bb][et_pb_column type=\u00bb4_4&#8243; _builder_version=\u00bb4.18.0&#8243; _module_preset=\u00bbdefault\u00bb global_colors_info=\u00bb{}\u00bb][et_pb_text disabled_on=\u00bbon|off|off\u00bb _builder_version=\u00bb4.21.0&#8243; _module_preset=\u00bbdefault\u00bb text_font=\u00bbLato||||||||\u00bb text_text_color=\u00bb#000000&#8243; text_font_size=\u00bb18px\u00bb text_line_height=\u00bb1.8em\u00bb header_font_size=\u00bb31px\u00bb width=\u00bb70%\u00bb max_width=\u00bb100%\u00bb module_alignment=\u00bbcenter\u00bb custom_margin=\u00bb|||-41px||\u00bb custom_css_main_element=\u00bb||\u00bb global_colors_info=\u00bb{}\u00bb]<\/p>\n<table style=\"width: 110.915%; border-collapse: collapse; border-style: hidden;\" border=\"1\">\n<tbody>\n<tr>\n<td style=\"width: 23.4043%; border-style: hidden; vertical-align: middle; text-align: right;\" scope=\"rowgroup\"><img loading=\"lazy\" decoding=\"async\" class=\"wp-image-18630 alignnone size-full\" src=\"https:\/\/360businesstrips.com\/wp-content\/uploads\/2022\/10\/Dutch-house-2.png\" alt=\"\" width=\"165\" height=\"151\" \/><\/td>\n<td style=\"width: 76.5957%;\">\n<p style=\"padding-left: 0px;\"><strong>Detalles de la actividad<br \/><\/strong><span style=\"color: #ff6600;\">\u2022<\/span> Gu\u00eda tur\u00edstico<span>.<br \/><span style=\"color: #ff6600;\">\u2022<\/span> Transporte.<\/span><br \/><span style=\"color: #ff6600;\">\u2022<\/span> <span>Crucero por el puerto de Rotterdam para contemplar una mezcla de arquitectura vanguardista y antiguos astilleros.<\/span><span><br \/><span style=\"color: #ff6600;\">\u2022<\/span> Visita guiada a Delft.<\/span><br \/><span style=\"color: #ff6600;\">\u2022<\/span> Entrada al Museo Real de Delft.<br \/><span style=\"color: #ff6600;\">\u2022<\/span> <span>Explore los edificios gubernamentales del Binnenhof de La Haya en una visita guiada. <\/span><\/p>\n<p style=\"padding-left: 0px;\"><strong>Opcional:<\/strong><br \/><span style=\"color: #ff6600;\">\u2022<\/span> Disposiciones para la comida y la bebida.<br \/><span style=\"color: #ff6600;\">\u2022<\/span> Entrada a Madurodam<\/p>\n<\/td>\n<\/tr>\n<\/tbody>\n<\/table>\n<p style=\"padding-left: 20px;\">\n<p>[\/et_pb_text][\/et_pb_column][\/et_pb_row][et_pb_row _builder_version=\u00bb4.18.0&#8243; _module_preset=\u00bbdefault\u00bb custom_margin=\u00bb-25px||0px||false|false\u00bb custom_padding=\u00bb0px||0px||false|false\u00bb global_colors_info=\u00bb{}\u00bb][et_pb_column type=\u00bb4_4&#8243; _builder_version=\u00bb4.18.0&#8243; _module_preset=\u00bbdefault\u00bb global_colors_info=\u00bb{}\u00bb][et_pb_text disabled_on=\u00bboff|on|on\u00bb _builder_version=\u00bb4.21.0&#8243; _module_preset=\u00bbdefault\u00bb text_font=\u00bbLato||||||||\u00bb text_font_size=\u00bb20px\u00bb text_line_height=\u00bb1.8em\u00bb header_font=\u00bbLato||||||||\u00bb locked=\u00bboff\u00bb global_colors_info=\u00bb{}\u00bb]<\/p>\n<h1>Informaci\u00f3n adicional<\/h1>\n<p style=\"padding-left: 0px;\"><strong>Detalles de la actividad<br \/><\/strong><span style=\"color: #ff6600;\">\u2022<\/span> Gu\u00eda tur\u00edstico<span>.<br \/><span style=\"color: #ff6600;\">\u2022<\/span> Transporte.<\/span><br \/><span style=\"color: #ff6600;\">\u2022<\/span> <span>Crucero por el puerto de Rotterdam para contemplar una mezcla de arquitectura vanguardista y antiguos astilleros.<\/span><span><br \/><span style=\"color: #ff6600;\">\u2022<\/span> Visita guiada a Delft.<\/span><br \/><span style=\"color: #ff6600;\">\u2022<\/span> Entrada al Museo Real de Delft.<br \/><span style=\"color: #ff6600;\">\u2022<\/span> <span>Explore los edificios gubernamentales del Binnenhof de La Haya en una visita guiada. <\/span><\/p>\n<p style=\"padding-left: 0px;\"><strong>Opcional:<\/strong><br \/><span style=\"color: #ff6600;\">\u2022<\/span> Disposiciones para la comida y la bebida.<br \/><span style=\"color: #ff6600;\">\u2022<\/span> Entrada a Madurodam<\/p>\n<p>[\/et_pb_text][\/et_pb_column][\/et_pb_row][\/et_pb_section][et_pb_section fb_built=\u00bb1&#8243; module_id=\u00bbcontact\u00bb _builder_version=\u00bb4.23.1&#8243; _module_preset=\u00bbdefault\u00bb custom_padding=\u00bb||||false|false\u00bb global_colors_info=\u00bb{}\u00bb theme_builder_area=\u00bbpost_content\u00bb][et_pb_row _builder_version=\u00bb4.23.1&#8243; _module_preset=\u00bbdefault\u00bb custom_padding=\u00bb||0px||false|false\u00bb global_colors_info=\u00bb{}\u00bb theme_builder_area=\u00bbpost_content\u00bb][et_pb_column type=\u00bb4_4&#8243; _builder_version=\u00bb4.19.4&#8243; _module_preset=\u00bbdefault\u00bb global_colors_info=\u00bb{}\u00bb theme_builder_area=\u00bbpost_content\u00bb][et_pb_text _builder_version=\u00bb4.23.1&#8243; _module_preset=\u00bbdefault\u00bb header_2_font=\u00bbRoboto|500|||||||\u00bb header_2_text_align=\u00bbcenter\u00bb header_2_font_size=\u00bb40px\u00bb custom_margin=\u00bb||||false|false\u00bb custom_margin_tablet=\u00bb||31px|||\u00bb custom_margin_phone=\u00bb-50px||31px||false|false\u00bb custom_margin_last_edited=\u00bbon|phone\u00bb header_2_font_size_tablet=\u00bb\u00bb header_2_font_size_phone=\u00bb26px\u00bb header_2_font_size_last_edited=\u00bbon|phone\u00bb global_colors_info=\u00bb{}\u00bb theme_builder_area=\u00bbpost_content\u00bb]<\/p>\n<h2>\u00bfEstas interesado en m\u00e1s informaci\u00f3n?<\/h2>\n<h2>Solicite una cotizaci\u00f3n<\/h2>\n<p>[\/et_pb_text][\/et_pb_column][\/et_pb_row][et_pb_row _builder_version=\u00bb4.23.1&#8243; _module_preset=\u00bbdefault\u00bb custom_padding=\u00bb||||false|false\u00bb global_colors_info=\u00bb{}\u00bb theme_builder_area=\u00bbpost_content\u00bb][et_pb_column type=\u00bb4_4&#8243; _builder_version=\u00bb4.19.4&#8243; _module_preset=\u00bbdefault\u00bb global_colors_info=\u00bb{}\u00bb theme_builder_area=\u00bbpost_content\u00bb][wpforms_selector form_id=\u00bb232530&#8243; show_title=\u00bboff\u00bb _builder_version=\u00bb4.23.1&#8243; _module_preset=\u00bbdefault\u00bb width_tablet=\u00bb\u00bb width_phone=\u00bb\u00bb width_last_edited=\u00bbon|desktop\u00bb max_width=\u00bb100%\u00bb custom_margin=\u00bb|||100px|false|false\u00bb custom_margin_tablet=\u00bb|||100px|false|false\u00bb custom_margin_phone=\u00bb-60px|||0px|false|false\u00bb custom_margin_last_edited=\u00bbon|phone\u00bb custom_padding=\u00bb||||false|false\u00bb hover_enabled=\u00bb0&#8243; module_alignment_tablet=\u00bb\u00bb module_alignment_phone=\u00bb\u00bb module_alignment_last_edited=\u00bbon|desktop\u00bb global_colors_info=\u00bb{}\u00bb theme_builder_area=\u00bbpost_content\u00bb sticky_enabled=\u00bb0&#8243;][\/wpforms_selector][\/et_pb_column][\/et_pb_row][\/et_pb_section]<\/p>\n","protected":false},"excerpt":{"rendered":"<p>&lt; Volver a todas las experiencias Grupo privadoExcursi\u00f3n de d\u00eda completo a Rotterdam, Delft y La Haya Una excursi\u00f3n de 9 horas desde \u00c1msterdam.Descripci\u00f3n Re\u00fanase con su gu\u00eda y conductor en nuestro punto de encuentro central en \u00c1msterdam. Un c\u00f3modo monovolumen de lujo con aire acondicionado le llevar\u00e1 al primer destino de hoy, Rotterdam, en [&hellip;]<\/p>\n","protected":false},"author":1,"featured_media":231148,"comment_status":"open","ping_status":"closed","template":"","meta":{"_et_pb_use_builder":"on","_et_pb_old_content":"","_et_gb_content_width":"","om_disable_all_campaigns":false,"_monsterinsights_skip_tracking":false,"_monsterinsights_sitenote_active":false,"_monsterinsights_sitenote_note":"","_monsterinsights_sitenote_category":0,"footnotes":""},"project_category":[118,73],"project_tag":[],"class_list":["post-231382","project","type-project","status-publish","has-post-thumbnail","hentry","project_category-excursiones-de-un-dia","project_category-tours"],"yoast_head":"<!-- This site is optimized with the Yoast SEO Premium plugin v21.7 (Yoast SEO v27.2) - https:\/\/yoast.com\/product\/yoast-seo-premium-wordpress\/ -->\n<title>Grupos Excursi\u00f3n de d\u00eda completo a Rotterdam, Delft y La Haya - Corporate Events and Team Building Activities Amsterdam<\/title>\n<meta name=\"robots\" content=\"index, follow, max-snippet:-1, max-image-preview:large, max-video-preview:-1\" \/>\n<link rel=\"canonical\" href=\"https:\/\/360businesstrips.com\/es\/project\/grupos-excursion-de-dia-completo-a-rotterdam-delft-y-la-haya\/\" \/>\n<meta property=\"og:locale\" content=\"es_ES\" \/>\n<meta property=\"og:type\" content=\"article\" \/>\n<meta property=\"og:title\" content=\"Grupos Excursi\u00f3n de d\u00eda completo a Rotterdam, Delft y La Haya\" \/>\n<meta property=\"og:description\" content=\"&lt; Volver a todas las experiencias Grupo privadoExcursi\u00f3n de d\u00eda completo a Rotterdam, Delft y La Haya Una excursi\u00f3n de 9 horas desde \u00c1msterdam.Descripci\u00f3n Re\u00fanase con su gu\u00eda y conductor en nuestro punto de encuentro central en \u00c1msterdam. Un c\u00f3modo monovolumen de lujo con aire acondicionado le llevar\u00e1 al primer destino de hoy, Rotterdam, en [&hellip;]\" \/>\n<meta property=\"og:url\" content=\"https:\/\/360businesstrips.com\/es\/project\/grupos-excursion-de-dia-completo-a-rotterdam-delft-y-la-haya\/\" \/>\n<meta property=\"og:site_name\" content=\"Corporate Events and Team Building Activities Amsterdam\" \/>\n<meta property=\"article:modified_time\" content=\"2023-11-21T20:26:09+00:00\" \/>\n<meta property=\"og:image\" content=\"https:\/\/360businesstrips.com\/wp-content\/uploads\/2023\/04\/Image-2-1.jpg\" \/>\n\t<meta property=\"og:image:width\" content=\"800\" \/>\n\t<meta property=\"og:image:height\" content=\"530\" \/>\n\t<meta property=\"og:image:type\" content=\"image\/jpeg\" \/>\n<meta name=\"twitter:card\" content=\"summary_large_image\" \/>\n<meta name=\"twitter:label1\" content=\"Tiempo de lectura\" \/>\n\t<meta name=\"twitter:data1\" content=\"9 minutos\" \/>\n<script type=\"application\/ld+json\" class=\"yoast-schema-graph\">{\"@context\":\"https:\/\/schema.org\",\"@graph\":[{\"@type\":\"WebPage\",\"@id\":\"https:\/\/360businesstrips.com\/es\/project\/grupos-excursion-de-dia-completo-a-rotterdam-delft-y-la-haya\/\",\"url\":\"https:\/\/360businesstrips.com\/es\/project\/grupos-excursion-de-dia-completo-a-rotterdam-delft-y-la-haya\/\",\"name\":\"Grupos Excursi\u00f3n de d\u00eda completo a Rotterdam, Delft y La Haya - Corporate Events and Team Building Activities Amsterdam\",\"isPartOf\":{\"@id\":\"https:\/\/360businesstrips.com\/es\/#website\"},\"primaryImageOfPage\":{\"@id\":\"https:\/\/360businesstrips.com\/es\/project\/grupos-excursion-de-dia-completo-a-rotterdam-delft-y-la-haya\/#primaryimage\"},\"image\":{\"@id\":\"https:\/\/360businesstrips.com\/es\/project\/grupos-excursion-de-dia-completo-a-rotterdam-delft-y-la-haya\/#primaryimage\"},\"thumbnailUrl\":\"https:\/\/360businesstrips.com\/wp-content\/uploads\/2023\/04\/Image-2-1.jpg\",\"datePublished\":\"2023-04-03T13:22:09+00:00\",\"dateModified\":\"2023-11-21T20:26:09+00:00\",\"breadcrumb\":{\"@id\":\"https:\/\/360businesstrips.com\/es\/project\/grupos-excursion-de-dia-completo-a-rotterdam-delft-y-la-haya\/#breadcrumb\"},\"inLanguage\":\"es\",\"potentialAction\":[{\"@type\":\"ReadAction\",\"target\":[\"https:\/\/360businesstrips.com\/es\/project\/grupos-excursion-de-dia-completo-a-rotterdam-delft-y-la-haya\/\"]}]},{\"@type\":\"ImageObject\",\"inLanguage\":\"es\",\"@id\":\"https:\/\/360businesstrips.com\/es\/project\/grupos-excursion-de-dia-completo-a-rotterdam-delft-y-la-haya\/#primaryimage\",\"url\":\"https:\/\/360businesstrips.com\/wp-content\/uploads\/2023\/04\/Image-2-1.jpg\",\"contentUrl\":\"https:\/\/360businesstrips.com\/wp-content\/uploads\/2023\/04\/Image-2-1.jpg\",\"width\":800,\"height\":530},{\"@type\":\"BreadcrumbList\",\"@id\":\"https:\/\/360businesstrips.com\/es\/project\/grupos-excursion-de-dia-completo-a-rotterdam-delft-y-la-haya\/#breadcrumb\",\"itemListElement\":[{\"@type\":\"ListItem\",\"position\":1,\"name\":\"Home\",\"item\":\"https:\/\/360businesstrips.com\/es\/\"},{\"@type\":\"ListItem\",\"position\":2,\"name\":\"Proyectos\",\"item\":\"https:\/\/360businesstrips.com\/es\/project\/\"},{\"@type\":\"ListItem\",\"position\":3,\"name\":\"Grupos Excursi\u00f3n de d\u00eda completo a Rotterdam, Delft y La Haya\"}]},{\"@type\":\"WebSite\",\"@id\":\"https:\/\/360businesstrips.com\/es\/#website\",\"url\":\"https:\/\/360businesstrips.com\/es\/\",\"name\":\"360 Business Trips\",\"description\":\"Business Travel, Team Building Activities &amp; Events\",\"publisher\":{\"@id\":\"https:\/\/360businesstrips.com\/es\/#organization\"},\"potentialAction\":[{\"@type\":\"SearchAction\",\"target\":{\"@type\":\"EntryPoint\",\"urlTemplate\":\"https:\/\/360businesstrips.com\/es\/?s={search_term_string}\"},\"query-input\":{\"@type\":\"PropertyValueSpecification\",\"valueRequired\":true,\"valueName\":\"search_term_string\"}}],\"inLanguage\":\"es\"},{\"@type\":\"Organization\",\"@id\":\"https:\/\/360businesstrips.com\/es\/#organization\",\"name\":\"360 Business Trips\",\"url\":\"https:\/\/360businesstrips.com\/es\/\",\"logo\":{\"@type\":\"ImageObject\",\"inLanguage\":\"es\",\"@id\":\"https:\/\/360businesstrips.com\/es\/#\/schema\/logo\/image\/\",\"url\":\"https:\/\/360businesstrips.com\/wp-content\/uploads\/2023\/10\/360-logo-round_orange@2x-Mobile-1.png\",\"contentUrl\":\"https:\/\/360businesstrips.com\/wp-content\/uploads\/2023\/10\/360-logo-round_orange@2x-Mobile-1.png\",\"width\":501,\"height\":501,\"caption\":\"360 Business Trips\"},\"image\":{\"@id\":\"https:\/\/360businesstrips.com\/es\/#\/schema\/logo\/image\/\"}}]}<\/script>\n<!-- \/ Yoast SEO Premium plugin. -->","yoast_head_json":{"title":"Grupos Excursi\u00f3n de d\u00eda completo a Rotterdam, Delft y La Haya - Corporate Events and Team Building Activities Amsterdam","robots":{"index":"index","follow":"follow","max-snippet":"max-snippet:-1","max-image-preview":"max-image-preview:large","max-video-preview":"max-video-preview:-1"},"canonical":"https:\/\/360businesstrips.com\/es\/project\/grupos-excursion-de-dia-completo-a-rotterdam-delft-y-la-haya\/","og_locale":"es_ES","og_type":"article","og_title":"Grupos Excursi\u00f3n de d\u00eda completo a Rotterdam, Delft y La Haya","og_description":"&lt; Volver a todas las experiencias Grupo privadoExcursi\u00f3n de d\u00eda completo a Rotterdam, Delft y La Haya Una excursi\u00f3n de 9 horas desde \u00c1msterdam.Descripci\u00f3n Re\u00fanase con su gu\u00eda y conductor en nuestro punto de encuentro central en \u00c1msterdam. Un c\u00f3modo monovolumen de lujo con aire acondicionado le llevar\u00e1 al primer destino de hoy, Rotterdam, en [&hellip;]","og_url":"https:\/\/360businesstrips.com\/es\/project\/grupos-excursion-de-dia-completo-a-rotterdam-delft-y-la-haya\/","og_site_name":"Corporate Events and Team Building Activities Amsterdam","article_modified_time":"2023-11-21T20:26:09+00:00","og_image":[{"width":800,"height":530,"url":"https:\/\/360businesstrips.com\/wp-content\/uploads\/2023\/04\/Image-2-1.jpg","type":"image\/jpeg"}],"twitter_card":"summary_large_image","twitter_misc":{"Tiempo de lectura":"9 minutos"},"schema":{"@context":"https:\/\/schema.org","@graph":[{"@type":"WebPage","@id":"https:\/\/360businesstrips.com\/es\/project\/grupos-excursion-de-dia-completo-a-rotterdam-delft-y-la-haya\/","url":"https:\/\/360businesstrips.com\/es\/project\/grupos-excursion-de-dia-completo-a-rotterdam-delft-y-la-haya\/","name":"Grupos Excursi\u00f3n de d\u00eda completo a Rotterdam, Delft y La Haya - Corporate Events and Team Building Activities Amsterdam","isPartOf":{"@id":"https:\/\/360businesstrips.com\/es\/#website"},"primaryImageOfPage":{"@id":"https:\/\/360businesstrips.com\/es\/project\/grupos-excursion-de-dia-completo-a-rotterdam-delft-y-la-haya\/#primaryimage"},"image":{"@id":"https:\/\/360businesstrips.com\/es\/project\/grupos-excursion-de-dia-completo-a-rotterdam-delft-y-la-haya\/#primaryimage"},"thumbnailUrl":"https:\/\/360businesstrips.com\/wp-content\/uploads\/2023\/04\/Image-2-1.jpg","datePublished":"2023-04-03T13:22:09+00:00","dateModified":"2023-11-21T20:26:09+00:00","breadcrumb":{"@id":"https:\/\/360businesstrips.com\/es\/project\/grupos-excursion-de-dia-completo-a-rotterdam-delft-y-la-haya\/#breadcrumb"},"inLanguage":"es","potentialAction":[{"@type":"ReadAction","target":["https:\/\/360businesstrips.com\/es\/project\/grupos-excursion-de-dia-completo-a-rotterdam-delft-y-la-haya\/"]}]},{"@type":"ImageObject","inLanguage":"es","@id":"https:\/\/360businesstrips.com\/es\/project\/grupos-excursion-de-dia-completo-a-rotterdam-delft-y-la-haya\/#primaryimage","url":"https:\/\/360businesstrips.com\/wp-content\/uploads\/2023\/04\/Image-2-1.jpg","contentUrl":"https:\/\/360businesstrips.com\/wp-content\/uploads\/2023\/04\/Image-2-1.jpg","width":800,"height":530},{"@type":"BreadcrumbList","@id":"https:\/\/360businesstrips.com\/es\/project\/grupos-excursion-de-dia-completo-a-rotterdam-delft-y-la-haya\/#breadcrumb","itemListElement":[{"@type":"ListItem","position":1,"name":"Home","item":"https:\/\/360businesstrips.com\/es\/"},{"@type":"ListItem","position":2,"name":"Proyectos","item":"https:\/\/360businesstrips.com\/es\/project\/"},{"@type":"ListItem","position":3,"name":"Grupos Excursi\u00f3n de d\u00eda completo a Rotterdam, Delft y La Haya"}]},{"@type":"WebSite","@id":"https:\/\/360businesstrips.com\/es\/#website","url":"https:\/\/360businesstrips.com\/es\/","name":"360 Business Trips","description":"Business Travel, Team Building Activities &amp; Events","publisher":{"@id":"https:\/\/360businesstrips.com\/es\/#organization"},"potentialAction":[{"@type":"SearchAction","target":{"@type":"EntryPoint","urlTemplate":"https:\/\/360businesstrips.com\/es\/?s={search_term_string}"},"query-input":{"@type":"PropertyValueSpecification","valueRequired":true,"valueName":"search_term_string"}}],"inLanguage":"es"},{"@type":"Organization","@id":"https:\/\/360businesstrips.com\/es\/#organization","name":"360 Business Trips","url":"https:\/\/360businesstrips.com\/es\/","logo":{"@type":"ImageObject","inLanguage":"es","@id":"https:\/\/360businesstrips.com\/es\/#\/schema\/logo\/image\/","url":"https:\/\/360businesstrips.com\/wp-content\/uploads\/2023\/10\/360-logo-round_orange@2x-Mobile-1.png","contentUrl":"https:\/\/360businesstrips.com\/wp-content\/uploads\/2023\/10\/360-logo-round_orange@2x-Mobile-1.png","width":501,"height":501,"caption":"360 Business Trips"},"image":{"@id":"https:\/\/360businesstrips.com\/es\/#\/schema\/logo\/image\/"}}]}},"_links":{"self":[{"href":"https:\/\/360businesstrips.com\/es\/wp-json\/wp\/v2\/project\/231382","targetHints":{"allow":["GET"]}}],"collection":[{"href":"https:\/\/360businesstrips.com\/es\/wp-json\/wp\/v2\/project"}],"about":[{"href":"https:\/\/360businesstrips.com\/es\/wp-json\/wp\/v2\/types\/project"}],"author":[{"embeddable":true,"href":"https:\/\/360businesstrips.com\/es\/wp-json\/wp\/v2\/users\/1"}],"replies":[{"embeddable":true,"href":"https:\/\/360businesstrips.com\/es\/wp-json\/wp\/v2\/comments?post=231382"}],"version-history":[{"count":7,"href":"https:\/\/360businesstrips.com\/es\/wp-json\/wp\/v2\/project\/231382\/revisions"}],"predecessor-version":[{"id":233076,"href":"https:\/\/360businesstrips.com\/es\/wp-json\/wp\/v2\/project\/231382\/revisions\/233076"}],"wp:featuredmedia":[{"embeddable":true,"href":"https:\/\/360businesstrips.com\/es\/wp-json\/wp\/v2\/media\/231148"}],"wp:attachment":[{"href":"https:\/\/360businesstrips.com\/es\/wp-json\/wp\/v2\/media?parent=231382"}],"wp:term":[{"taxonomy":"project_category","embeddable":true,"href":"https:\/\/360businesstrips.com\/es\/wp-json\/wp\/v2\/project_category?post=231382"},{"taxonomy":"project_tag","embeddable":true,"href":"https:\/\/360businesstrips.com\/es\/wp-json\/wp\/v2\/project_tag?post=231382"}],"curies":[{"name":"wp","href":"https:\/\/api.w.org\/{rel}","templated":true}]}}